{"id":178,"date":"2023-01-10T10:11:20","date_gmt":"2023-01-10T09:11:20","guid":{"rendered":"https:\/\/asso-afiddes.fr\/?page_id=178"},"modified":"2023-01-10T10:15:43","modified_gmt":"2023-01-10T09:15:43","slug":"mention-legale","status":"publish","type":"page","link":"https:\/\/asso-afiddes.fr\/index.php\/mention-legale\/","title":{"rendered":"Mentions l\u00e9gale"},"content":{"rendered":"\n<p>Merci de lire avec attention les diff\u00e9rentes modalit\u00e9s d\u2019utilisation du pr\u00e9sent site avant d\u2019y parcourir ses pages. En vous parcourant ce site, vous acceptez, sans r\u00e9serves, les pr\u00e9sentes modalit\u00e9s.<\/p>\n\n\n\n<p>Aussi, conform\u00e9ment \u00e0 l\u2019article n\u00b06 de la Loi n\u00b02004-575 du 21 Juin 2004 les responsables du pr\u00e9sent site internet www.asso-afiddes.fr sont :<\/p>\n\n\n\n<p><strong>AFIDDES&nbsp;<\/strong><\/p>\n\n\n\n<p>Pr\u00e9sidente : Ad\u00e9 Champain&nbsp;<\/p>\n\n\n\n<p>2 all\u00e9e des Narcisses, 35830 BETTON<\/p>\n\n\n\n<p>06 31 28 33 30<\/p>\n\n\n\n<p><a href=\"mailto:contact.afiddestm@gmail.com\">contact.afiddestm@gmail.com<\/a>&nbsp;<\/p>\n\n\n\n<p><strong>H\u00e9bergement<\/strong><\/p>\n\n\n\n<p>OVHcloud&nbsp;&nbsp;<\/p>\n\n\n\n<p>2 rue Kallermann, 59100 ROUBAIX<\/p>\n\n\n\n<p>09 72 10 10 10<\/p>\n\n\n\n<p><strong>Condition d\u2019utilisation :&nbsp;<\/strong><\/p>\n\n\n\n<p>L\u2019ensemble des activit\u00e9s de l\u2019association ainsi que ses informations sont pr\u00e9sent\u00e9s sur notre site www.asso-afiddes.fr.<\/p>\n\n\n\n<p>L\u2019association AFIDDES met en \u0153uvre tous les moyens dont elle dispose, pour assurer une information et une mise \u00e0 jour fiable de son site internet. Toutefois, des erreurs ou omissions peuvent survenir.&nbsp;<\/p>\n\n\n\n<p>Si vous constatez une erreur ou un dysfonctionnement, merci de bien vouloir le signaler par courriel, \u00e0 l\u2019adresse <a href=\"mailto:contact.afiddestm@gmail.com\">contact.afiddestm@gmail.com<\/a> en d\u00e9crivant le probl\u00e8me de la mani\u00e8re la plus pr\u00e9cise possible (page posant probl\u00e8me, type d\u2019ordinateur et de navigateur utilis\u00e9\u2026).<\/p>\n\n\n\n<p>De plus, l\u2019utilisateur du site s\u2019engage \u00e0 acc\u00e9der au site en utilisant un mat\u00e9riel r\u00e9cent, ne contenant pas de virus et avec un navigateur de derni\u00e8re g\u00e9n\u00e9ration mis-\u00e0-jour.<\/p>\n\n\n\n<p><strong>Propri\u00e9t\u00e9 intellectuelle :<\/strong><\/p>\n\n\n\n<p>Tout le contenu du site <a href=\"http:\/\/www.asso-afiddes.fr\">www.asso-afiddes.fr<\/a> et chacun des \u00e9l\u00e9ments, incluant&nbsp; sans limitation, les graphismes, images, textes, vid\u00e9os, animations, sons, logos, gifs et ic\u00f4nes ainsi que leur mise en forme sont la propri\u00e9t\u00e9 exclusive de l\u2019association AFIDDES.<\/p>\n\n\n\n<p>Toute reproduction, distribution, modification, adaptation, retransmission ou publication, m\u00eame partielle, de ces diff\u00e9rents \u00e9l\u00e9ments est strictement interdite sans l\u2019accord expr\u00e8s par \u00e9crit d\u2019AFIDDES.&nbsp;<\/p>\n\n\n\n<p><strong>Donn\u00e9es personnelles :<\/strong><\/p>\n\n\n\n<p>De mani\u00e8re g\u00e9n\u00e9rale, vous pouvez visiter notre site internet<a href=\"https:\/\/asso-afiddes.fr\"> www.asso-afiddes.fr <\/a>sans avoir d\u00e9clin\u00e9 votre identit\u00e9 ou communiqu\u00e9 vos donn\u00e9es personnelles.\u00a0<\/p>\n\n\n\n<p>Cependant, nous pouvons parfois \u00eatre amen\u00e9s \u00e0 vous demander des informations. Par exemple, vous pouvez \u00eatre amen\u00e9s \u00e0 nous communiquer certaines donn\u00e9es telles que votre nom, votre adresse \u00e9lectronique et votre num\u00e9ro de t\u00e9l\u00e9phone dans la rubrique \u00ab contact \u00bb. Dans le cas o\u00f9 vous refusez de fournir vos informations personnelles, vous ne pourrez pas utiliser cette rubrique.&nbsp;<\/p>\n\n\n\n<p>Enfin, nous pouvons collecter de mani\u00e8re automatique certaines informations sur votre utilisation du site <a href=\"http:\/\/www.asso-afiddes.fr\">www.asso-afiddes.fr<\/a> (page visit\u00e9es, adresse IP, type de navigateur\u2026). Ces informations sont utilis\u00e9es exclusivement \u00e0 des fins de statistiques internes, de mani\u00e8re \u00e0 am\u00e9liorer la qualit\u00e9 des services qui vous sont propos\u00e9s. Les bases de donn\u00e9es sont prot\u00e9g\u00e9es par les dispositions de la loi du 1er juillet 1998 transposant la directive 96\/9 du 11 mars 1996 relative \u00e0 la protection juridique des bases de donn\u00e9es.<\/p>\n","protected":false},"excerpt":{"rendered":"<p>Merci de lire avec attention les diff\u00e9rentes modalit\u00e9s d\u2019utilisation du pr\u00e9sent site avant d\u2019y parcourir ses pages. En vous parcourant ce site, vous acceptez, sans r\u00e9serves, les pr\u00e9sentes modalit\u00e9s. Aussi, conform\u00e9ment \u00e0 l\u2019article n\u00b06 de la Loi n\u00b02004-575 du 21 Juin 2004 les responsables du pr\u00e9sent site internet www.asso-afiddes.fr sont : AFIDDES&nbsp; Pr\u00e9sidente : Ad\u00e9 [&hellip;]<\/p>\n","protected":false},"author":1,"featured_media":0,"parent":0,"menu_order":0,"comment_status":"closed","ping_status":"closed","template":"","meta":{"footnotes":""},"class_list":["post-178","page","type-page","status-publish","hentry"],"yoast_head":"<!-- This site is optimized with the Yoast SEO plugin v26.8 - https:\/\/yoast.com\/product\/yoast-seo-wordpress\/ -->\n<title>Mentions l\u00e9gale - Association Afiddes<\/title>\n<meta name=\"robots\" content=\"index, follow, max-snippet:-1, max-image-preview:large, max-video-preview:-1\" \/>\n<link rel=\"canonical\" href=\"http:\/\/asso-afiddes.fr\/index.php\/mention-legale\/\" \/>\n<meta property=\"og:locale\" content=\"fr_FR\" \/>\n<meta property=\"og:type\" content=\"article\" \/>\n<meta property=\"og:title\" content=\"Mentions l\u00e9gale - Association Afiddes\" \/>\n<meta property=\"og:description\" content=\"Merci de lire avec attention les diff\u00e9rentes modalit\u00e9s d\u2019utilisation du pr\u00e9sent site avant d\u2019y parcourir ses pages. En vous parcourant ce site, vous acceptez, sans r\u00e9serves, les pr\u00e9sentes modalit\u00e9s. Aussi, conform\u00e9ment \u00e0 l\u2019article n\u00b06 de la Loi n\u00b02004-575 du 21 Juin 2004 les responsables du pr\u00e9sent site internet www.asso-afiddes.fr sont : AFIDDES&nbsp; Pr\u00e9sidente : Ad\u00e9 [&hellip;]\" \/>\n<meta property=\"og:url\" content=\"http:\/\/asso-afiddes.fr\/index.php\/mention-legale\/\" \/>\n<meta property=\"og:site_name\" content=\"Association Afiddes\" \/>\n<meta property=\"article:modified_time\" content=\"2023-01-10T09:15:43+00:00\" \/>\n<meta name=\"twitter:card\" content=\"summary_large_image\" \/>\n<meta name=\"twitter:label1\" content=\"Dur\u00e9e de lecture estim\u00e9e\" \/>\n\t<meta name=\"twitter:data1\" content=\"2 minutes\" \/>\n<script type=\"application\/ld+json\" class=\"yoast-schema-graph\">{\"@context\":\"https:\/\/schema.org\",\"@graph\":[{\"@type\":\"WebPage\",\"@id\":\"http:\/\/asso-afiddes.fr\/index.php\/mention-legale\/\",\"url\":\"http:\/\/asso-afiddes.fr\/index.php\/mention-legale\/\",\"name\":\"Mentions l\u00e9gale - Association Afiddes\",\"isPartOf\":{\"@id\":\"http:\/\/asso-afiddes.fr\/#website\"},\"datePublished\":\"2023-01-10T09:11:20+00:00\",\"dateModified\":\"2023-01-10T09:15:43+00:00\",\"breadcrumb\":{\"@id\":\"http:\/\/asso-afiddes.fr\/index.php\/mention-legale\/#breadcrumb\"},\"inLanguage\":\"fr-FR\",\"potentialAction\":[{\"@type\":\"ReadAction\",\"target\":[\"http:\/\/asso-afiddes.fr\/index.php\/mention-legale\/\"]}]},{\"@type\":\"BreadcrumbList\",\"@id\":\"http:\/\/asso-afiddes.fr\/index.php\/mention-legale\/#breadcrumb\",\"itemListElement\":[{\"@type\":\"ListItem\",\"position\":1,\"name\":\"Accueil\",\"item\":\"http:\/\/asso-afiddes.fr\/\"},{\"@type\":\"ListItem\",\"position\":2,\"name\":\"Mentions l\u00e9gale\"}]},{\"@type\":\"WebSite\",\"@id\":\"http:\/\/asso-afiddes.fr\/#website\",\"url\":\"http:\/\/asso-afiddes.fr\/\",\"name\":\"Association Afiddes\",\"description\":\"Association Indon\u00e9sienne \u00e0 Rennes\",\"potentialAction\":[{\"@type\":\"SearchAction\",\"target\":{\"@type\":\"EntryPoint\",\"urlTemplate\":\"http:\/\/asso-afiddes.fr\/?s={search_term_string}\"},\"query-input\":{\"@type\":\"PropertyValueSpecification\",\"valueRequired\":true,\"valueName\":\"search_term_string\"}}],\"inLanguage\":\"fr-FR\"}]}<\/script>\n<!-- \/ Yoast SEO plugin. -->","yoast_head_json":{"title":"Mentions l\u00e9gale - Association Afiddes","robots":{"index":"index","follow":"follow","max-snippet":"max-snippet:-1","max-image-preview":"max-image-preview:large","max-video-preview":"max-video-preview:-1"},"canonical":"http:\/\/asso-afiddes.fr\/index.php\/mention-legale\/","og_locale":"fr_FR","og_type":"article","og_title":"Mentions l\u00e9gale - Association Afiddes","og_description":"Merci de lire avec attention les diff\u00e9rentes modalit\u00e9s d\u2019utilisation du pr\u00e9sent site avant d\u2019y parcourir ses pages. En vous parcourant ce site, vous acceptez, sans r\u00e9serves, les pr\u00e9sentes modalit\u00e9s. Aussi, conform\u00e9ment \u00e0 l\u2019article n\u00b06 de la Loi n\u00b02004-575 du 21 Juin 2004 les responsables du pr\u00e9sent site internet www.asso-afiddes.fr sont : AFIDDES&nbsp; Pr\u00e9sidente : Ad\u00e9 [&hellip;]","og_url":"http:\/\/asso-afiddes.fr\/index.php\/mention-legale\/","og_site_name":"Association Afiddes","article_modified_time":"2023-01-10T09:15:43+00:00","twitter_card":"summary_large_image","twitter_misc":{"Dur\u00e9e de lecture estim\u00e9e":"2 minutes"},"schema":{"@context":"https:\/\/schema.org","@graph":[{"@type":"WebPage","@id":"http:\/\/asso-afiddes.fr\/index.php\/mention-legale\/","url":"http:\/\/asso-afiddes.fr\/index.php\/mention-legale\/","name":"Mentions l\u00e9gale - Association Afiddes","isPartOf":{"@id":"http:\/\/asso-afiddes.fr\/#website"},"datePublished":"2023-01-10T09:11:20+00:00","dateModified":"2023-01-10T09:15:43+00:00","breadcrumb":{"@id":"http:\/\/asso-afiddes.fr\/index.php\/mention-legale\/#breadcrumb"},"inLanguage":"fr-FR","potentialAction":[{"@type":"ReadAction","target":["http:\/\/asso-afiddes.fr\/index.php\/mention-legale\/"]}]},{"@type":"BreadcrumbList","@id":"http:\/\/asso-afiddes.fr\/index.php\/mention-legale\/#breadcrumb","itemListElement":[{"@type":"ListItem","position":1,"name":"Accueil","item":"http:\/\/asso-afiddes.fr\/"},{"@type":"ListItem","position":2,"name":"Mentions l\u00e9gale"}]},{"@type":"WebSite","@id":"http:\/\/asso-afiddes.fr\/#website","url":"http:\/\/asso-afiddes.fr\/","name":"Association Afiddes","description":"Association Indon\u00e9sienne \u00e0 Rennes","potentialAction":[{"@type":"SearchAction","target":{"@type":"EntryPoint","urlTemplate":"http:\/\/asso-afiddes.fr\/?s={search_term_string}"},"query-input":{"@type":"PropertyValueSpecification","valueRequired":true,"valueName":"search_term_string"}}],"inLanguage":"fr-FR"}]}},"_links":{"self":[{"href":"https:\/\/asso-afiddes.fr\/index.php\/wp-json\/wp\/v2\/pages\/178","targetHints":{"allow":["GET"]}}],"collection":[{"href":"https:\/\/asso-afiddes.fr\/index.php\/wp-json\/wp\/v2\/pages"}],"about":[{"href":"https:\/\/asso-afiddes.fr\/index.php\/wp-json\/wp\/v2\/types\/page"}],"author":[{"embeddable":true,"href":"https:\/\/asso-afiddes.fr\/index.php\/wp-json\/wp\/v2\/users\/1"}],"replies":[{"embeddable":true,"href":"https:\/\/asso-afiddes.fr\/index.php\/wp-json\/wp\/v2\/comments?post=178"}],"version-history":[{"count":4,"href":"https:\/\/asso-afiddes.fr\/index.php\/wp-json\/wp\/v2\/pages\/178\/revisions"}],"predecessor-version":[{"id":182,"href":"https:\/\/asso-afiddes.fr\/index.php\/wp-json\/wp\/v2\/pages\/178\/revisions\/182"}],"wp:attachment":[{"href":"https:\/\/asso-afiddes.fr\/index.php\/wp-json\/wp\/v2\/media?parent=178"}],"curies":[{"name":"wp","href":"https:\/\/api.w.org\/{rel}","templated":true}]}}